{"id":2,"date":"2010-12-29T17:58:47","date_gmt":"2010-12-29T17:58:47","guid":{"rendered":"http:\/\/blogg.notabene.se\/?page_id=2"},"modified":"2024-03-19T08:51:27","modified_gmt":"2024-03-19T07:51:27","slug":"about","status":"publish","type":"page","link":"https:\/\/blogg.notabene.se\/?page_id=2","title":{"rendered":"Jag och min blogg"},"content":{"rendered":"<h2><strong>Det h\u00e4r \u00e4r jag<\/strong><\/h2>\n<figure id=\"attachment_2309\" aria-describedby=\"caption-attachment-2309\" style=\"width: 300px\" class=\"wp-caption alignleft\"><a href=\"https:\/\/media.notabene.se\/2019\/02\/Carin_Fredlund2Mats_Edman.jpg\"><img loading=\"lazy\" decoding=\"async\" class=\"size-medium wp-image-2309\" src=\"https:\/\/media.notabene.se\/2019\/02\/Carin_Fredlund2Mats_Edman-300x225.jpg\" alt=\"\" width=\"300\" height=\"225\" srcset=\"https:\/\/media.notabene.se\/2019\/02\/Carin_Fredlund2Mats_Edman-300x225.jpg 300w, https:\/\/media.notabene.se\/2019\/02\/Carin_Fredlund2Mats_Edman-768x576.jpg 768w, https:\/\/media.notabene.se\/2019\/02\/Carin_Fredlund2Mats_Edman-1024x768.jpg 1024w, https:\/\/media.notabene.se\/2019\/02\/Carin_Fredlund2Mats_Edman.jpg 2048w\" sizes=\"(max-width: 300px) 100vw, 300px\" \/><\/a><figcaption id=\"caption-attachment-2309\" class=\"wp-caption-text\"><em>Foto: Mats Edman<\/em><\/figcaption><\/figure>\n<p>Som journalist har jag bevakat, analyserat och kommenterat reklam- och varum\u00e4rkesfr\u00e5gor i 40 \u00e5r. <a href=\"https:\/\/blogg.notabene.se\/?p=552\" target=\"_blank\" rel=\"noopener noreferrer\">Under 20 av dessa \u00e5r drev jag tidningen Quo Vadis<\/a>, med den redaktionella aff\u00e4rsid\u00e9n att bidra till \u00f6kad kunskap hos dem som arbetar med reklam och marknadsf\u00f6ring och f\u00f6ra branschen fram\u00e5t.<\/p>\n<p>F\u00f6r det arbetet bel\u00f6nades jag, 2003, av d\u00e5varande Sveriges Reklamf\u00f6rbund med Bengt Hanserstipendiet f\u00f6r opinionsbildande insatser.<\/p>\n<p>Inom ramen f\u00f6r Quo Vadis har jag ocks\u00e5 givit ut 3 b\u00f6cker \u2013 Detaljhandelns Utveckling, God design bygger starka varum\u00e4rken samt Varum\u00e4rkesbygget. Varum\u00e4rkesbygget uts\u00e5gs till \u00c5rets Marknadsf\u00f6ringsbok 2006, av Sveriges Marknadsf\u00f6rbund.<\/p>\n<p>2008 tyckte jag att 20 \u00e5rs tidningsutgivning kunde r\u00e4cka och valde att l\u00e4gga ner Quo Vadis, hellre \u00e4n att riskera varum\u00e4rket genom att l\u00e5ta det leva kvar under annan regi.<\/p>\n<p>Under senare \u00e5r har jag arbetat under friare former som skribent, f\u00f6redragsh\u00e5llare, moderator, mentor och aff\u00e4rscoach. \u00a0Jag har bland annat under fem \u00e5r, medverkat i Dagens Industri med en kr\u00f6nika om reklam och varum\u00e4rken varje vecka, tills DI lade ner sin specialbevakning p\u00e5 reklam och d\u00e4rmed inte l\u00e4ngre beh\u00f6ver n\u00e5gra kr\u00f6nikor i \u00e4mnet.\u00a0 Jag har \u00e4ven medverkat som kr\u00f6nik\u00f6r i Dagens Media, \u00a0i Sveriges Annons\u00f6rers medlemstidning Annons\u00f6ren, samt producerat analys\/nyhetsbrevet, Analys &amp; Marknad p\u00e5 uppdrag av Bonnier Business Media\/Resum\u00e9. P\u00e5 uppdrag av Sveriges Marknadsf\u00f6rbund startade jag den digitala tidningen Trender &amp; Tendenser med fokus p\u00e5 analyser och f\u00f6rdjupningar. Jag arbetade med det uppdraget i tre \u00e5r, men avslutade samarbetet i juni 2019, d\u00e5 Marknadsf\u00f6rbundet ville vrida tidningens inneh\u00e5ll till att fokusera mer p\u00e5 f\u00f6rbundets egna aktiviteter och medlemsm\u00f6te, vilket inte \u00e4r n\u00e5got som passar mig eller som jag tror p\u00e5 (<a href=\"https:\/\/blogg.notabene.se\/?p=2397\">mer om det har jag skrivit h\u00e4r<\/a>).<\/p>\n<p>Min st\u00f6rsta uppdragsgivare idag \u00e4r Sveriges Annons\u00f6rer. F\u00f6r deras r\u00e4kning bevakar jag nationell och internationell forskning, rapporter, unders\u00f6kningar, aff\u00e4rspress med mera och f\u00f6ljer upp intressanta praktikfall som samlas i <a href=\"https:\/\/www.annons.se\/marknadsinsikter\/\">Marknadsinsikter<\/a>.<\/p>\n<p>Dessutom arbetar jag som frilansskribent med kr\u00f6nikor, rapporter, analyser med mera f\u00f6r fackpress och analysf\u00f6retag.<\/p>\n<p>Sm\u00e5f\u00f6retagarfr\u00e5gor och entrepren\u00f6rskap engagerar mig ocks\u00e5 mycket. Under ett tiotal \u00e5r var jag ledamot i styrelsen f\u00f6r F\u00f6retagarna i Nacka V\u00e4rmd\u00f6.<\/p>\n<p>Under fyra \u00e5r\u00a0ingick jag i N\u00e4ringdepartemetents\/Tillv\u00e4xtverkets ambassad\u00f6rsn\u00e4tverk f\u00f6r kvinnligt f\u00f6retagande.<\/p>\n<p><strong>Det h\u00e4r \u00e4r min blogg<\/strong><\/p>\n<p>Det \u00e4r ingen \u00f6verdrift att p\u00e5st\u00e5 att kommunikationsbranschen genomg\u00e5tt en revolution under de decennier jag bevakat den. Det \u00e4r egentligen bara en sak som inte f\u00f6r\u00e4ndrats speciellt mycket &#8211; den generella synen p\u00e5 reklam. B\u00e5de i samh\u00e4llet och i medierna. Trots att vi lever i en v\u00e4sterl\u00e4ndsk marknadsekonomi \u00e4r attityderna f\u00f6rv\u00e5nansv\u00e4rt negativa till marknadsekonomins viktigaste verktyg. Samtidigt \u00e4r m\u00e5nga f\u00f6retag fortfarande h\u00e4pnadsv\u00e4ckande okunniga om sj\u00e4lva betydelsen av starka varum\u00e4rken, hur de utvecklas och v\u00e5rdas.<\/p>\n<p>Det h\u00e4r \u00e4r mitt huvudfokus och min professionella passion. Det ska min blogg handla om.<\/p>\n<p>Jag kommenterar nyheter och f\u00f6reteelser inom kommunikationsbranschen, aktuell reklam och varum\u00e4rkesutveckling.<\/p>\n<p>Jag har, i 40 \u00e5r, varit djupt involverad i och en del av reklambranschens utveckling, det har varit n\u00e5gra av de mest omv\u00e4lvande decennierna. Inte minst tekniskt. \u00a0D\u00e4rf\u00f6r t\u00e4nker jag ocks\u00e5 dela med mig av en hel del branschminnen.<\/p>\n<p>Notabene.se har utgivningsbevis f\u00f6r databas, nummer 2018-211. Ansvarig utgivare \u00e4r jag, Carin Fredlund.<\/p>\n<table cellspacing=\"0\" cellpadding=\"0\">\n<tbody>\n<tr>\n<td valign=\"top\"><\/td>\n<\/tr>\n<\/tbody>\n<\/table>\n<a href=\"http:\/\/twitter.com\/share\" class=\"twitter-share-button\" data-url=\"https:\/\/blogg.notabene.se\/?page_id=2\" data-text=\"Jag och min blogg\" data-count=\"horizontal\">Tweet<\/a>","protected":false},"excerpt":{"rendered":"<p>Det h\u00e4r \u00e4r jag Som journalist har jag bevakat, analyserat och kommenterat reklam- och varum\u00e4rkesfr\u00e5gor i 40 \u00e5r. Under 20 av dessa \u00e5r drev jag tidningen Quo Vadis, med den redaktionella aff\u00e4rsid\u00e9n att bidra till \u00f6kad kunskap hos dem som arbetar med reklam och marknadsf\u00f6ring och f\u00f6ra branschen fram\u00e5t. F\u00f6r det arbetet bel\u00f6nades jag, 2003, [&hellip;]<\/p>\n","protected":false},"author":1,"featured_media":0,"parent":0,"menu_order":0,"comment_status":"open","ping_status":"open","template":"","meta":{"jetpack_post_was_ever_published":false,"footnotes":""},"jetpack_shortlink":"https:\/\/wp.me\/P1k0bi-2","jetpack_sharing_enabled":true,"jetpack_likes_enabled":true,"_links":{"self":[{"href":"https:\/\/blogg.notabene.se\/index.php?rest_route=\/wp\/v2\/pages\/2"}],"collection":[{"href":"https:\/\/blogg.notabene.se\/index.php?rest_route=\/wp\/v2\/pages"}],"about":[{"href":"https:\/\/blogg.notabene.se\/index.php?rest_route=\/wp\/v2\/types\/page"}],"author":[{"embeddable":true,"href":"https:\/\/blogg.notabene.se\/index.php?rest_route=\/wp\/v2\/users\/1"}],"replies":[{"embeddable":true,"href":"https:\/\/blogg.notabene.se\/index.php?rest_route=%2Fwp%2Fv2%2Fcomments&post=2"}],"version-history":[{"count":39,"href":"https:\/\/blogg.notabene.se\/index.php?rest_route=\/wp\/v2\/pages\/2\/revisions"}],"predecessor-version":[{"id":3057,"href":"https:\/\/blogg.notabene.se\/index.php?rest_route=\/wp\/v2\/pages\/2\/revisions\/3057"}],"wp:attachment":[{"href":"https:\/\/blogg.notabene.se\/index.php?rest_route=%2Fwp%2Fv2%2Fmedia&parent=2"}],"curies":[{"name":"wp","href":"https:\/\/api.w.org\/{rel}","templated":true}]}}