{"id":294,"date":"2011-01-11T21:52:49","date_gmt":"2011-01-11T20:52:49","guid":{"rendered":"http:\/\/blogg.notabene.se\/?page_id=294"},"modified":"2024-03-19T08:56:50","modified_gmt":"2024-03-19T07:56:50","slug":"mina-bocker","status":"publish","type":"page","link":"https:\/\/blogg.notabene.se\/?page_id=294","title":{"rendered":"Mina b\u00f6cker"},"content":{"rendered":"<p>Inom Quo Vadis koncept har jag givit ut tre b\u00f6cker. De har en journalistisk form med frist\u00e5ende artiklar, snarare \u00e4n kapitel. Artiklarna har jag skrivit tillsammans med Quo Vadis anst\u00e4llda journalister och i vissa fall utomst\u00e5ende skribenter.<\/p>\n<p>DETALJHANDELNS UTVECKLING<\/p>\n<p>Utgivnings\u00e5r 2005<\/p>\n<p>Boken behandlar detaljhandeln ur ett varum\u00e4rkesperspektiv. B\u00e5de fr\u00e5n detaljhandelsperspektiv och fr\u00e5n detaljhandelsleverant\u00f6rernas perspektiv. Boken bestod av ett antal frist\u00e5ende artiklar, varav flera var skrivna av\u00a0 delajhandelskonsulten Magnus Ohlsson. \u00d6vriga artiklar har jag skrivit tillsammans med Quo Vadis anst\u00e4llda journalister.<\/p>\n<p>N\u00e5gra rubriker: &#8220;Grow, grow, \u00a0grow &#8211; fr\u00e5n lokala akt\u00f6rer till globala j\u00e4ttar&#8221;, &#8220;Fr\u00e5n branschglidning till branschupph\u00f6rande&#8221;, &#8220;EMV &#8211; m\u00e4rksvarornas d\u00f6d?&#8221;, &#8220;Varje tid har sin egen syn p\u00e5 EMV&#8221;, &#8220;MQ:s v\u00e4g fr\u00e5n krisf\u00f6retag till matchvinnare&#8221;, &#8220;E-handel &#8211; fr\u00e5n ny ekonomi till postorder&#8221;, Tesco \u00e4r m\u00e5ngas f\u00f6rebild&#8221;, m.m.<\/p>\n<p>GOD DESIGN BYGGER STARKA VARUM\u00c4RKEN<\/p>\n<p>Utgivnings\u00e5r 2005<\/p>\n<p>Boken beskriver den kommersiella designens roll i varum\u00e4rkesarbetet. Boken best\u00e5r av frist\u00e5ende artiklar som jag skrivit tillsammans med Quo Vadis anst\u00e4llda journalister.<\/p>\n<p>N\u00e5gra rubriker:<\/p>\n<p>&#8220;Designens betydelse \u00e4r ingen nyhet&#8221; &#8211; (intervjuer med ett flertal designers, marknadschefer m. fl. Bl a \u00a0Olle Eksell, H C Ericson, Anders Kornestedt och Hans Brindfors). \u00a0&#8220;Mazetti s\u00e5g behovet f\u00f6re de flesta&#8221; \u00a0&#8211; Olle Eksell ber\u00e4ttar om sin legendariska formgivning. \u00a0&#8220;Finns det ett svenskt designsound?&#8221;, &#8220;Design \u00e4r inte en form av dekoration&#8221;, &#8220;N\u00e4r f\u00f6rpackningen \u00e4r enda v\u00e4gen&#8221;, &#8220;Vad \u00e4r god design&#8221; m.m.<\/p>\n<p>Desingcases fr\u00e5n Spendrups, Arla, ACO, Svenska Spel, Telenor, Polar Music Prize, m.fl.<\/p>\n<p>VARUM\u00c4RKESBYGGET<\/p>\n<p>Utgivnings\u00e5r 2006<\/p>\n<p>Boken beskriver hur varum\u00e4rken skapas och v\u00e5rdas. Fr\u00e5n aff\u00e4rsid\u00e9 till marknadsledarskap. Boken bygger p\u00e5 ett antal artiklar inom omr\u00e5det och jag har skrivit dessa tillsammans med Quo Vadis anst\u00e4llda journalister.<\/p>\n<p>N\u00e5gra rubriker: &#8220;Vad \u00e4r ett varum\u00e4rke?&#8221;, &#8220;Vem \u00e4r du och p\u00e5 vilken marknad?&#8221;, &#8220;Varum\u00e4rkesorientering \u00f6kar l\u00f6nsamheten&#8221;, &#8220;\u00c4r ditt varum\u00e4rke starkt eller generiskt?&#8221;, &#8220;Att bredda ett varum\u00e4rke&#8221;, &#8220;P\u00e5gen v\u00e4nde nedg\u00e5ng med sensorik&#8221;, &#8220;S\u00f6dra Cell &#8211; CRM i praktiken&#8221;, &#8220;Konsumenten vill vara med och bygga relationen&#8221;, &#8220;Morgondagens kommunikationskanaler&#8221;, m.m.<\/p>\n<p>Bland de varum\u00e4rken som speglas i artiklarna finns, Felix, Risenta, Zeta, Scania, Tetra Pak, Electrolux.<br \/>\nVarum\u00e4rkesbygget uts\u00e5gs till \u00c5rets Marknadsf\u00f6ringsbok 2006 av Sveriges Marknadsf\u00f6rbund.<\/p>\n<p>\u00c5KESTAMHOLST FR\u00c5N OMSTART TILL V\u00c4RDLSKLASS<\/p>\n<p>Utgivnings\u00e5r 2014<\/p>\n<p>Under 2014 skrev jag, p\u00e5 uppdrag av Arvinius + Orfeus f\u00f6rlag, en bok om reklambyr\u00e5n \u00c5kestam Holst. Boken var t\u00e4nkt att ing\u00e5 i en serie om nordiska kommunikationsbyr\u00e5er.\u00a0 F\u00f6rlaget, som \u00e4r baserat i Stockholm och Oslo, \u00e4r special\u00adiserat p\u00e5 konst, arkitektur och design och har bland annat gett ut ett antal b\u00f6cker om nord\u00adiska klassiska och moderna konstn\u00e4rer, arkitekter och designers. Flera av dessa b\u00f6cker har ocks\u00e5 vunnit internationella utm\u00e4rkelser.<\/p>\n<p>Under n\u00e5gra m\u00e5nader f\u00f6ljde jag byr\u00e5n jobb, intervjuade medarbetare och kunder. Resultatet blev en bok som beskriver byr\u00e5ns start och utveckling. Motg\u00e5ngar och framg\u00e5ngar. Synen p\u00e5 reklam och de v\u00e4gval man gjort. Hur man jobbar och varf\u00f6r man g\u00f6r p\u00e5 det s\u00e4ttet. Systerenheter och varf\u00f6r de kommit till. Samt ambitionerna f\u00f6r framtiden. Plus en handfull kunders tankar om byr\u00e5n, \u00a0samarbetet och resultaten av det.<\/p>\n<p>N\u00e5gra av kapitlen:<\/p>\n<p>Tuff start f\u00f6r ny byr\u00e5<\/p>\n<p>\u00c4ntligen en ny kund!<\/p>\n<p>Den f\u00f6rsta dansen med de stora elefanterna<\/p>\n<p>F\u00f6rlorad pitch leder till ny kund<\/p>\n<p>S\u00e5 h\u00e4r ser vi p\u00e5 reklam<\/p>\n<p>Dags att v\u00e4xla upp \u2013 \u00e4ven aff\u00e4rsm\u00e4ssigt<\/p>\n<p>Vardag och framtid i den kreativa fabriken<\/p>\n<p>En kampanj v\u00e4xer fram<\/p>\n<p>Hur ska man beh\u00e5lla det b\u00e4sta av det gamla och v\u00e4xa vidare?<\/p>\n<p>Ett hus med flera rum<\/p>\n<p>Bland de kunder som \u00e4r intervjuade finns Posten, Apotek Hj\u00e4rtat, Folksam och ATG. Och f\u00f6rst\u00e5s Pause Ljud &amp; Bild, d\u00e4r Fredrik Hjelmquist avsl\u00f6jar att han egentligen skulle ha blivit rockstj\u00e4rna. Om nu hans f\u00f6r\u00e4ldrar inte gl\u00f6mt att anm\u00e4la honom till musikskolan.<\/p>\n<p>Den boken finns i handeln eller via Arvinius + Orfeus f\u00f6rlag.<\/p>\n<a href=\"http:\/\/twitter.com\/share\" class=\"twitter-share-button\" data-url=\"https:\/\/blogg.notabene.se\/?page_id=294\" data-text=\"Mina b\u00f6cker\" data-count=\"horizontal\">Tweet<\/a>","protected":false},"excerpt":{"rendered":"<p>Inom Quo Vadis koncept har jag givit ut tre b\u00f6cker. De har en journalistisk form med frist\u00e5ende artiklar, snarare \u00e4n kapitel. Artiklarna har jag skrivit tillsammans med Quo Vadis anst\u00e4llda journalister och i vissa fall utomst\u00e5ende skribenter. DETALJHANDELNS UTVECKLING Utgivnings\u00e5r 2005 Boken behandlar detaljhandeln ur ett varum\u00e4rkesperspektiv. B\u00e5de fr\u00e5n detaljhandelsperspektiv och fr\u00e5n detaljhandelsleverant\u00f6rernas perspektiv. Boken [&hellip;]<\/p>\n","protected":false},"author":1,"featured_media":0,"parent":2,"menu_order":0,"comment_status":"open","ping_status":"open","template":"","meta":{"jetpack_post_was_ever_published":false,"footnotes":""},"jetpack_shortlink":"https:\/\/wp.me\/P1k0bi-4K","jetpack_sharing_enabled":true,"jetpack_likes_enabled":true,"_links":{"self":[{"href":"https:\/\/blogg.notabene.se\/index.php?rest_route=\/wp\/v2\/pages\/294"}],"collection":[{"href":"https:\/\/blogg.notabene.se\/index.php?rest_route=\/wp\/v2\/pages"}],"about":[{"href":"https:\/\/blogg.notabene.se\/index.php?rest_route=\/wp\/v2\/types\/page"}],"author":[{"embeddable":true,"href":"https:\/\/blogg.notabene.se\/index.php?rest_route=\/wp\/v2\/users\/1"}],"replies":[{"embeddable":true,"href":"https:\/\/blogg.notabene.se\/index.php?rest_route=%2Fwp%2Fv2%2Fcomments&post=294"}],"version-history":[{"count":12,"href":"https:\/\/blogg.notabene.se\/index.php?rest_route=\/wp\/v2\/pages\/294\/revisions"}],"predecessor-version":[{"id":3060,"href":"https:\/\/blogg.notabene.se\/index.php?rest_route=\/wp\/v2\/pages\/294\/revisions\/3060"}],"up":[{"embeddable":true,"href":"https:\/\/blogg.notabene.se\/index.php?rest_route=\/wp\/v2\/pages\/2"}],"wp:attachment":[{"href":"https:\/\/blogg.notabene.se\/index.php?rest_route=%2Fwp%2Fv2%2Fmedia&parent=294"}],"curies":[{"name":"wp","href":"https:\/\/api.w.org\/{rel}","templated":true}]}}